{"id":9479,"date":"2024-10-16T11:52:50","date_gmt":"2024-10-16T09:52:50","guid":{"rendered":"https:\/\/www.agnnw.de\/?post_type=tribe_events&#038;p=9479"},"modified":"2024-10-16T11:52:50","modified_gmt":"2024-10-16T09:52:50","slug":"qualifikation-zum-leitenden-notarzt-lna-muenster-4","status":"publish","type":"tribe_events","link":"https:\/\/www.agnnw.de\/?tribe_events=qualifikation-zum-leitenden-notarzt-lna-muenster-4","title":{"rendered":"Qualifikation zum Leitenden Notarzt (LNA) \/ M\u00fcnster"},"content":{"rendered":"<p>Bei Schadensereignissen mit einer gr\u00f6\u00dferen Anzahl von Verletzten bilden Leitende Not\u00e4rzte und Organisatorische Leiter Rettungsdienst eine Fu\u0308hrungseinheit zur Leitung des Einsatzabschnittes Medizinische Rettung. Daher ist es naheliegend, das Fu\u0308hrungspersonal auch weitestgehend gemeinsam auszubilden und auch praktisch trainieren zu lassen.<br \/>\nIn Westfalen-Lippe geht die Akademie fu\u0308r medizinische Fortbildung der \u00c4KWL und der KVWL zusammen mit dem Institut der Feuerwehr diesen Weg und bildet \u00e4rztliche und nicht-\u00e4rztliche Fu\u0308hrungskr\u00e4fte gemeinsam aus.<br \/>\nIm Mittelpunkt stehen dabei Trainingseinheiten, in denen zusammen geu\u0308bt und gearbeitet wird. Die Teilnehmenden des Fortbildungskurses profitieren von der Expertise der zentralen Aus- und Fortbildungseinrichtung fu\u0308r Fu\u0308hrungskr\u00e4fte der Gefahrenabwehr des Landes Nordrhein-Westfalen.<br \/>\nWissenschaftliche Leitung\/Referenten:<br \/>\nProf. Dr. med. Andreas Bohn, \u00c4rztlicher Leiter Rettungsdienst der Stadt Mu\u0308nster<br \/>\nDr. med. Andr\u00e9 Wiegratz, \u00c4rztlicher Leiter Rettungsdienst Krefeld<br \/>\nMarc Hu\u0308bner, Institut der Feuerwehr NRW \u2013 Dezernat K2: Krisenmanagement und Forschung<br \/>\nChristoff Schwarz, Institut der Feuerwehr NRW \u2013 Dezernat B3: Verbandsfu\u0308hrer, ABC-Schutz und Medizinische Rettung<br \/>\nUwe Hinte, Institut der Feuerwehr NRW \u2013 Dezernat B3: Verbandsfu\u0308hrer, ABC-Schutz und Medizinische Rettung<\/p>\n<p>Hier k\u00f6nnen Sie den <a href=\"https:\/\/www.agnnw.de\/wp-content\/uploads\/2024\/10\/2025-06-30_Muenster_Bohn_Wiegratz_gesamt.pdf\" target=\"_blank\" rel=\"noopener\">Flyer<\/a> einsehen.<\/p>\n","protected":false},"excerpt":{"rendered":"<p>Bei Schadensereignissen mit einer gr\u00f6\u00dferen Anzahl von Verletzten bilden Leitende Not\u00e4rzte und Organisatorische Leiter Rettungsdienst eine Fu\u0308hrungseinheit zur Leitung des Einsatzabschnittes Medizinische Rettung. Daher ist es naheliegend, das Fu\u0308hrungspersonal auch weitestgehend gemeinsam auszubilden und auch praktisch trainieren zu lassen. In Westfalen-Lippe geht die Akademie fu\u0308r medizinische Fortbildung der \u00c4KWL und der KVWL zusammen mit dem [&hellip;]<\/p>\n","protected":false},"author":1,"featured_media":8644,"template":"","meta":{"_tribe_events_status":"","_tribe_events_status_reason":"","footnotes":""},"tags":[],"tribe_events_cat":[45,47],"class_list":["post-9479","tribe_events","type-tribe_events","status-publish","has-post-thumbnail","hentry","tribe_events_cat-lna-fortbildung","tribe_events_cat-notarztkurs","cat_lna-fortbildung","cat_notarztkurs"],"_links":{"self":[{"href":"https:\/\/www.agnnw.de\/index.php?rest_route=\/wp\/v2\/tribe_events\/9479","targetHints":{"allow":["GET"]}}],"collection":[{"href":"https:\/\/www.agnnw.de\/index.php?rest_route=\/wp\/v2\/tribe_events"}],"about":[{"href":"https:\/\/www.agnnw.de\/index.php?rest_route=\/wp\/v2\/types\/tribe_events"}],"author":[{"embeddable":true,"href":"https:\/\/www.agnnw.de\/index.php?rest_route=\/wp\/v2\/users\/1"}],"version-history":[{"count":1,"href":"https:\/\/www.agnnw.de\/index.php?rest_route=\/wp\/v2\/tribe_events\/9479\/revisions"}],"predecessor-version":[{"id":9480,"href":"https:\/\/www.agnnw.de\/index.php?rest_route=\/wp\/v2\/tribe_events\/9479\/revisions\/9480"}],"wp:featuredmedia":[{"embeddable":true,"href":"https:\/\/www.agnnw.de\/index.php?rest_route=\/wp\/v2\/media\/8644"}],"wp:attachment":[{"href":"https:\/\/www.agnnw.de\/index.php?rest_route=%2Fwp%2Fv2%2Fmedia&parent=9479"}],"wp:term":[{"taxonomy":"post_tag","embeddable":true,"href":"https:\/\/www.agnnw.de\/index.php?rest_route=%2Fwp%2Fv2%2Ftags&post=9479"},{"taxonomy":"tribe_events_cat","embeddable":true,"href":"https:\/\/www.agnnw.de\/index.php?rest_route=%2Fwp%2Fv2%2Ftribe_events_cat&post=9479"}],"curies":[{"name":"wp","href":"https:\/\/api.w.org\/{rel}","templated":true}]}}