{"id":5477,"date":"2022-01-13T16:54:16","date_gmt":"2022-01-13T15:54:16","guid":{"rendered":"https:\/\/www.agnnw.de\/?post_type=tribe_events&#038;p=5477"},"modified":"2022-07-28T10:58:17","modified_gmt":"2022-07-28T08:58:17","slug":"fortbildungskurs-zur-qualifikation-zum-leitenden-notarzt-muenster","status":"publish","type":"tribe_events","link":"https:\/\/www.agnnw.de\/?tribe_events=fortbildungskurs-zur-qualifikation-zum-leitenden-notarzt-muenster","title":{"rendered":"Fortbildungskurs zur Qualifikation zum Leitenden Notarzt \/ M\u00fcnster (ausgebucht)"},"content":{"rendered":"<div class=\"leftboxcontent\"><b>Termin<\/b><br \/>\nMo, 12.09.2022 09:30 &#8211; 17:45 Uhr<br \/>\nDi, 13.09.2022 07:45 &#8211; 15:30 Uhr<br \/>\nMi, 14.09.2022 07:45 &#8211; 17:15 Uhr<br \/>\nDo, 15.09.2022 07:45 &#8211; 17:15 Uhr<br \/>\nFr, 16.09.2022 07:45 &#8211; 13:00 Uhr<\/p>\n<p><strong>Veranstaltungsort<\/strong><br \/>\nInstitut der Feuerwehr NRW<br \/>\nWolbecker Str. 237<br \/>\n48155 M\u00fcnster<\/p>\n<p><strong>Teilnehmergeb\u00fchren<\/strong><\/p>\n<table cellspacing=\"0\" cellpadding=\"0\">\n<tbody>\n<tr>\n<td valign=\"top\">Arbeitslos\/Elternzeit<\/td>\n<td valign=\"top\">1349,00 \u20ac<\/td>\n<\/tr>\n<tr>\n<td valign=\"top\">Mitglieder der Akademie f\u00fcr medizinische Fortbildung<\/td>\n<td valign=\"top\">1499,00 \u20ac<\/td>\n<\/tr>\n<tr>\n<td valign=\"top\">Nichtmitglieder der Akademie f\u00fcr medizinische Fortbildung<\/td>\n<td valign=\"top\">1649,00 \u20ac<\/td>\n<\/tr>\n<\/tbody>\n<\/table>\n<p>&nbsp;<\/p>\n<p><strong>Fortbildungspunkte<\/strong><br \/>\n67 Punkte, Kategorie K<\/p>\n<p><b>Kontakt<\/b><br \/>\nSandra Waldhoff<br \/>\n<img decoding=\"async\" src=\"https:\/\/seminare.akademie-wl.de\/style\/aekwl\/icons\/i_tel.gif\" \/>\u00a0Telefon 0251\/929-2224<br \/>\n<img decoding=\"async\" src=\"https:\/\/seminare.akademie-wl.de\/style\/aekwl\/icons\/i_email.gif\" \/> <a href=\"mailto:sandra.waldhoff@aekwl.de\">sandra.waldhoff@aekwl.de<\/a><\/p>\n<\/div>\n<div class=\"rightboxcontent\">\n<p><b>Fortbildungskurs zur Qualifikation zum Leitenden Notarzt gem. Empfehlungen der Bundes\u00e4rztekammer zum LNA (Gemeinsamer Kurs mit Teilnehmern der Ausbildung zum Organisatorischen Leiter Rettungsdienst) &#8211; Blended-Learning-Angebot &#8211;<\/b><\/p>\n<p><b>Inhalt<\/b><br \/>\nBei Schadensereignissen mit einer gr\u00f6\u00dferen Anzahl von Verletzten bilden Leitende Not\u00e4rzte und Organisatorische Leiter Rettungsdienst eine F\u00fchrungseinheit zur Leitung des Einsatzabschnittes Medizinische Rettung. Daher ist es naheliegend, das F\u00fchrungspersonal\u00a0auch weitest-gehend gemeinsam auszubilden und auch praktisch trainieren zu lassen. In Westfalen-Lippe gehen wir seit 2015 diesen Weg und bilden \u00e4rztliche und nicht-\u00e4rztliche F\u00fchrungskr\u00e4fte gemeinsam aus. Im Mittelpunkt stehen dabei gemeinsame\u00a0Trainingseinheiten, in denen zusammen ge\u00fcbt und gearbeitet wird. Die Teilnehmer_innen des Fortbildungskurses k\u00f6nnen von der Expertise der zentralen Aus- und Fortbildungseinrichtung f\u00fcr F\u00fchrungskr\u00e4fte der Gefahrenabwehr des Landes Nordrhein-Westfalen profitieren.<\/p>\n<p>Themen<\/p>\n<ul>\n<li>Rechtsgrundlagen<\/li>\n<li>F\u00fchrungssystem<\/li>\n<li>Gruppenarbeiten<\/li>\n<li>Grundlagen des LNA Dienstes<\/li>\n<li>Konzepte LNA Gruppen<\/li>\n<li>Medizinisch-Organisatorische Aspekte und Erstversorgung bei Massenanfall Verletzter (MANV)<\/li>\n<li>Transport-Organisation bei MANV<\/li>\n<li>Sichtung und medizinische Erstversorgung<\/li>\n<li>Kooperation bei besonderen Lagen, Erwartungen an den LNA<\/li>\n<li>Erfahrungsberichte MANV<\/li>\n<li>Presse- und \u00d6ffentlichkeitsarbeit<\/li>\n<li>Plan\u00fcbungen<\/li>\n<li>Reflexion, Feedback, Verabschiedung<\/li>\n<\/ul>\n<p><b>Zielgruppe<\/b><br \/>\n\u00c4rzte_innen<\/p>\n<p><b>Voraussetzung<\/b><\/p>\n<ul>\n<li>Abgeschlossene Weiterbildung in den Fachgebieten An\u00e4sthesie, Chirurgie, Innere Medizin oder Allgemeinmedizin oder eine mindestens 5-j\u00e4hrige ad\u00e4quate klinische T\u00e4tigkeit<\/li>\n<li>\u00bd Jahr Intensivmedizin (ganzt\u00e4gig)<\/li>\n<li>Fachkunde Rettungsdienst bzw. Zusatz-Weiterbildung Notfallmedizin<\/li>\n<\/ul>\n<p><b>eLearningzeiten<\/b><br \/>\n10.08.2022\u00a0&#8211; 11.09.2022<\/p>\n<p><b>Kooperationspartner<\/b><br \/>\nDie Veranstaltung findet in Kooperation mit dem Institut der Feuerwehr NRW statt.<\/p>\n<p><b>Hinweis<\/b><br \/>\nGemeinsamer Kurs mit Teilnehmer\/innen der Ausbildung zum Organisatorischen Leiter Rettungsdienst (OrgL)<\/p>\n<p>In der Teilnehmergeb\u00fchr ist die \u00dcbernachtung im Internat am Institut der Feuerwehr inkl. Vollverpflegung enthalten.<br \/>\nMehr Informationen erhalten Sie hier: http:\/\/www.idf.nrw.de\/ueber_uns\/einrichtungen\/ einrichtungen.php<\/p>\n<p><b>Tags<\/b><br \/>\nNotarztfortbildung; Notfall; Notfallmedizin; Notarzt; Not\u00e4rztin; Rettungsdienst; Rettungswesen; Notfallrettung; Rettungsgesetz; RettG; MANV; Massenanfall; Erstversorgung<\/p>\n<p><strong>Dokumente<\/strong><a class=\"download\" href=\"https:\/\/seminare.akademie-wl.de\/dl.cfm?h=4A1C5E034DFADCEAD145202376A691A2301BC1C16DA96ECBC8ABFEAF10B461F2\">12_9_2022_MS_Bohn.pdf<\/a><\/p>\n<\/div>\n","protected":false},"excerpt":{"rendered":"<p>Termin Mo, 12.09.2022 09:30 &#8211; 17:45 Uhr Di, 13.09.2022 07:45 &#8211; 15:30 Uhr Mi, 14.09.2022 07:45 &#8211; 17:15 Uhr Do, 15.09.2022 07:45 &#8211; 17:15 Uhr Fr, 16.09.2022 07:45 &#8211; 13:00 Uhr Veranstaltungsort Institut der Feuerwehr NRW Wolbecker Str. 237 48155 M\u00fcnster Teilnehmergeb\u00fchren Arbeitslos\/Elternzeit 1349,00 \u20ac Mitglieder der Akademie f\u00fcr medizinische Fortbildung 1499,00 \u20ac Nichtmitglieder der [&hellip;]<\/p>\n","protected":false},"author":1,"featured_media":0,"template":"","meta":{"_tribe_events_status":"","_tribe_events_status_reason":"","footnotes":""},"tags":[],"tribe_events_cat":[46],"class_list":["post-5477","tribe_events","type-tribe_events","status-publish","hentry","tribe_events_cat-notarztfortbildung","cat_notarztfortbildung"],"_links":{"self":[{"href":"https:\/\/www.agnnw.de\/index.php?rest_route=\/wp\/v2\/tribe_events\/5477","targetHints":{"allow":["GET"]}}],"collection":[{"href":"https:\/\/www.agnnw.de\/index.php?rest_route=\/wp\/v2\/tribe_events"}],"about":[{"href":"https:\/\/www.agnnw.de\/index.php?rest_route=\/wp\/v2\/types\/tribe_events"}],"author":[{"embeddable":true,"href":"https:\/\/www.agnnw.de\/index.php?rest_route=\/wp\/v2\/users\/1"}],"version-history":[{"count":5,"href":"https:\/\/www.agnnw.de\/index.php?rest_route=\/wp\/v2\/tribe_events\/5477\/revisions"}],"predecessor-version":[{"id":5782,"href":"https:\/\/www.agnnw.de\/index.php?rest_route=\/wp\/v2\/tribe_events\/5477\/revisions\/5782"}],"wp:attachment":[{"href":"https:\/\/www.agnnw.de\/index.php?rest_route=%2Fwp%2Fv2%2Fmedia&parent=5477"}],"wp:term":[{"taxonomy":"post_tag","embeddable":true,"href":"https:\/\/www.agnnw.de\/index.php?rest_route=%2Fwp%2Fv2%2Ftags&post=5477"},{"taxonomy":"tribe_events_cat","embeddable":true,"href":"https:\/\/www.agnnw.de\/index.php?rest_route=%2Fwp%2Fv2%2Ftribe_events_cat&post=5477"}],"curies":[{"name":"wp","href":"https:\/\/api.w.org\/{rel}","templated":true}]}}